{"id":71,"date":"2023-06-08T15:54:19","date_gmt":"2023-06-08T13:54:19","guid":{"rendered":"https:\/\/dev.ipesud.jack.agency\/?page_id=70"},"modified":"2023-12-13T18:34:33","modified_gmt":"2023-12-13T17:34:33","slug":"faq","status":"publish","type":"page","link":"https:\/\/www.cours-acces.fr\/reunion\/faq\/","title":{"rendered":"FAQ"},"content":{"rendered":"\t\t<div data-elementor-type=\"wp-page\" data-elementor-id=\"71\" class=\"elementor elementor-71\">\n\t\t\t\t\t\t<section class=\"elementor-section elementor-top-section elementor-element elementor-element-6558220 elementor-section-boxed elementor-section-height-default elementor-section-height-default\" data-id=\"6558220\" data-element_type=\"section\">\n\t\t\t\t\t\t<div class=\"elementor-container elementor-column-gap-default\">\n\t\t\t\t\t<div class=\"elementor-column elementor-col-100 elementor-top-column elementor-element elementor-element-80507ff bg-short-gray\" data-id=\"80507ff\" data-element_type=\"column\" data-settings=\"{&quot;background_background&quot;:&quot;classic&quot;}\">\n\t\t\t<div class=\"elementor-widget-wrap elementor-element-populated\">\n\t\t\t\t\t\t<section class=\"elementor-section elementor-inner-section elementor-element elementor-element-0f34ada elementor-section-boxed elementor-section-height-default elementor-section-height-default\" data-id=\"0f34ada\" data-element_type=\"section\" data-settings=\"{&quot;background_background&quot;:&quot;classic&quot;}\">\n\t\t\t\t\t\t<div class=\"elementor-container elementor-column-gap-default\">\n\t\t\t\t\t<div class=\"elementor-column elementor-col-50 elementor-inner-column elementor-element elementor-element-2788182\" data-id=\"2788182\" data-element_type=\"column\" data-settings=\"{&quot;background_background&quot;:&quot;classic&quot;}\">\n\t\t\t<div class=\"elementor-widget-wrap elementor-element-populated\">\n\t\t\t\t\t\t<div class=\"elementor-element elementor-element-408ea41 elementor-widget elementor-widget-text-editor\" data-id=\"408ea41\" data-element_type=\"widget\" data-widget_type=\"text-editor.default\">\n\t\t\t\t<div class=\"elementor-widget-container\">\n\t\t\t\t\t\t\t\t\t<h3 class=\"cl-blue\"><b>Pourquoi s\u2019inscrire dans une pr\u00e9pa ?<\/b><\/h3><p><span style=\"font-weight: 400;\">Bien \u00e9videmment, nous accompagnons nos \u00e9tudiants de fa\u00e7on optimale pour l&rsquo;entra\u00eenement aux examens QCM et aux oraux maintenant que la r\u00e9forme l\u2019exige. Nous mettons \u00e0 disposition des fiches de cours de l\u2019ann\u00e9e pour favoriser l\u2019apprentissage, en parall\u00e8le de la facult\u00e9 qui elle-m\u00eame procure les polys et diapos de chaque professeur intervenant en PASS. Cela ne doit pas \u00eatre le seul r\u00f4le d\u2019une pr\u00e9pa !\u00a0<\/span><\/p><p><span style=\"font-weight: 400;\">Au Cours Acc\u00e8s, vous trouverez surtout un soutien m\u00e9thodologique personnalis\u00e9, dispens\u00e9 tout au long de l\u2019ann\u00e9e par une \u00e9quipe de professionnels exp\u00e9riment\u00e9s et disponibles, et non par des parrains jeunes \u00e9tudiants.<\/span><\/p><p><span style=\"font-weight: 400;\">Nous formons de petits groupes de travail (25-30 \u00e9tudiants) et encadrons nos \u00e9l\u00e8ves de fa\u00e7on \u00e0 amortir le choc m\u00e9thodologique du passage lyc\u00e9e \/ Fac.<\/span><\/p>\t\t\t\t\t\t\t\t<\/div>\n\t\t\t\t<\/div>\n\t\t\t\t<div class=\"elementor-element elementor-element-5b1e0cb elementor-widget elementor-widget-text-editor\" data-id=\"5b1e0cb\" data-element_type=\"widget\" data-widget_type=\"text-editor.default\">\n\t\t\t\t<div class=\"elementor-widget-container\">\n\t\t\t\t\t\t\t\t\t<h3 class=\"cl-orange\"><b>Quand se pr\u00e9parer pour la rentr\u00e9e universitaire ?<\/b><\/h3><p><span style=\"font-weight: 400;\">L\u2019ann\u00e9e PASS est une ann\u00e9e toujours aussi s\u00e9lective avec des mati\u00e8res de pur apprentissage et d\u2019autres techniques. La quantit\u00e9 de travail \u00e0 fournir reste tr\u00e8s importante. La pr\u00e9-rentr\u00e9e MMOPK, d\u00e9butant mi-ao\u00fbt,\u00a0 permet \u00e0 chaque \u00e9l\u00e8ve de travailler le socle de connaissances solide pour amorcer la rentr\u00e9e. C\u2019est un pr\u00e9requis pour accompagner tous nos inscrits.<\/span><\/p><p><span style=\"font-weight: 400;\">S\u2019inscrire pendant l\u2019ann\u00e9e de Terminale permet de prendre une r\u00e9elle avance sur la premi\u00e8re ann\u00e9e, en travaillant la majorit\u00e9 du programme technique.<\/span><\/p><p><span style=\"font-weight: 400;\">Avec ses 40 ann\u00e9es d\u2019exp\u00e9rience \u00e0 Bordeaux et La R\u00e9union, le Cours Acc\u00e8s a fait de l\u2019accompagnement p\u00e9dagogique sa priorit\u00e9 absolue, pour guider les \u00e9tudiants, toujours dans leur int\u00e9r\u00eat.\u00a0\u00a0<\/span><\/p>\t\t\t\t\t\t\t\t<\/div>\n\t\t\t\t<\/div>\n\t\t\t\t<div class=\"elementor-element elementor-element-561bba3 elementor-widget elementor-widget-text-editor\" data-id=\"561bba3\" data-element_type=\"widget\" data-widget_type=\"text-editor.default\">\n\t\t\t\t<div class=\"elementor-widget-container\">\n\t\t\t\t\t\t\t\t\t<h3 class=\"cl-blue\"><b>Pourquoi les s\u00e9ances ne sont pas quotidiennes ?<\/b><\/h3><p><span style=\"font-weight: 400;\">L\u2019apprentissage des cours est LA priorit\u00e9 de l\u2019\u00e9tudiant en PASS : Il doit parfaitement conna\u00eetre tous les d\u00e9tails de chaque cours dispens\u00e9 par la facult\u00e9, et ce travail personnel est long et fatiguant.<\/span><\/p><p><span style=\"font-weight: 400;\">La probl\u00e9matique n\u2019est pas de d\u00e9terminer \u00ab Quelle est la fr\u00e9quence de travail \u00e0 la pr\u00e9pa? \u00bb, mais\u00a0 \u00ab Quand est-ce que mon temps de travail personnel sera le plus efficace ? \u00bb\u00a0\u00a0<\/span><\/p><p><span style=\"font-weight: 400;\">Selon le Cours Acc\u00e8s, la facult\u00e9 enseigne, l&rsquo;\u00e9tudiant apprend, la pr\u00e9pa consolide, une fois le travail personnel accompli.\u00a0<\/span><\/p><p><span style=\"font-weight: 400;\">Retrouver son groupe de travail au Cours Acc\u00e8s sur des p\u00e9riodes ponctuelles est une r\u00e9elle source de partage et de motivation, ce sont les \u00e9tudiants eux-m\u00eames qui nous le disent !<\/span><\/p>\t\t\t\t\t\t\t\t<\/div>\n\t\t\t\t<\/div>\n\t\t\t\t<div class=\"elementor-element elementor-element-60537e4 elementor-widget elementor-widget-text-editor\" data-id=\"60537e4\" data-element_type=\"widget\" data-widget_type=\"text-editor.default\">\n\t\t\t\t<div class=\"elementor-widget-container\">\n\t\t\t\t\t\t\t\t\t<h3 class=\"cl-orange\"><b>Faire une P0, ou une ann\u00e9e de c\u00e9sure, bonne ou mauvaise id\u00e9e ?<\/b><\/h3>\n<p><span style=\"font-weight: 400;\">Depuis toujours, le Cours Acc\u00e8s d\u00e9conseille la P0, pour des raisons p\u00e9dagogiques, philosophiques et d\u2019efficacit\u00e9 non prouv\u00e9e. Parcoursup a fini de nous convaincre sur le risque de se lancer dans ce projet !<\/span><\/p>\n<p><span style=\"font-weight: 400;\">Int\u00e9grer la premi\u00e8re ann\u00e9e des \u00e9tudes de sant\u00e9 est devenu plus difficile : Parcoursup favorise les bacheliers de l\u2019ann\u00e9e, de l\u2019acad\u00e9mie, mais s\u00e9lectionne \u00e9galement les \u00e9l\u00e8ves sur les sp\u00e9cialit\u00e9s choisies au lyc\u00e9e. M\u00eame si la capacit\u00e9 d\u2019accueil en PASS\/ LAS est large \u00e0 La Reunion, le fait est que tous les \u00e9tudiants souhaitant poursuivre des \u00e9tudes en sant\u00e9 ne sont pas accept\u00e9s. Les \u00e9tudiants qui auront fait une ann\u00e9e de c\u00e9sure entre la Terminale et la 1\u00e8re ann\u00e9e ne sont pas prioritaires sur les bacheliers de l\u2019ann\u00e9e, et ce choix est aussi \u00e0 justifier dans la lettre de projet professionnel motiv\u00e9e demand\u00e9e dans le dossier Parcoursup.<\/span><\/p>\n<p><span style=\"font-weight: 400;\">Dernier argument en d\u00e9faveur de la P0 : Les responsables de la facult\u00e9 se sont tr\u00e8s clairement positionn\u00e9s contre ce dispositif, et ont indiqu\u00e9 que les \u00e9tudiants qui en auraient fait le choix seraient consid\u00e9r\u00e9s tr\u00e8s d\u00e9favorablement lors des oraux d\u2019admission en 2e ann\u00e9e de sant\u00e9.<\/span><\/p>\n<p><span style=\"font-weight: 400;\">Conseiller cette ann\u00e9e de c\u00e9sure, c\u2019est un risque que nous refusons de faire, dans l\u2019int\u00e9r\u00eat de l\u2019\u00e9tudiant !<\/span><span style=\"font-weight: 400;\">&nbsp;<\/span><\/p>\t\t\t\t\t\t\t\t<\/div>\n\t\t\t\t<\/div>\n\t\t\t\t<div class=\"elementor-element elementor-element-9ba5458 elementor-widget elementor-widget-text-editor\" data-id=\"9ba5458\" data-element_type=\"widget\" data-widget_type=\"text-editor.default\">\n\t\t\t\t<div class=\"elementor-widget-container\">\n\t\t\t\t\t\t\t\t\t<h3 class=\"cl-blue\"><b>Et le Tutorat de la facult\u00e9 ?<\/b><\/h3><p><span style=\"font-weight: 400;\">Le tutorat est s\u00e9rieux, e<\/span><span style=\"font-weight: 400;\">n revanche, il n\u2019est encadr\u00e9 que par des \u00e9tudiants en 2e et 3e ann\u00e9e en sant\u00e9, qui n\u2019ont pour seule exp\u00e9rience p\u00e9dagogique que la leur, en 1ere ann\u00e9e sans recul. Un \u00e9l\u00e8ve en difficult\u00e9 ne pourra pas trouver d\u2019interlocuteur professionnel s\u2019il est en difficult\u00e9 d\u2019organisation et m\u00e9thodologique. Le temps est trop pr\u00e9cieux en PASS pour t\u00e2tonner sur la bonne fa\u00e7on de travailler !<\/span><\/p><p><span style=\"font-weight: 400;\">De plus, la taille des groupes de travail est importante et les horaires pas forc\u00e9ment adapt\u00e9s aux imp\u00e9ratifs de chacun.<\/span><\/p><p><span style=\"font-weight: 400;\">Mais surtout, il ne faut pas s\u2019inscrire en m\u00eame temps dans une pr\u00e9pa et au tutorat ! Un \u00e9l\u00e8ve ne peut pas g\u00e9rer \u00e0 la fois le suivi des cours, son travail personnel, et le programme d\u2019\u00e9valuations de 2 programmes tutorat \/ pr\u00e9pa :\u00a0 Doubler son programme de travail, c\u2019est diviser son efficacit\u00e9, et tout faire \u00e0 moiti\u00e9 ! Une pr\u00e9pa qui conseillerait une inscription au tutorat en parall\u00e8le de son suivi, c\u2019est une pr\u00e9pa qui sait son programme incomplet\u2026<\/span><\/p>\t\t\t\t\t\t\t\t<\/div>\n\t\t\t\t<\/div>\n\t\t\t\t<div class=\"elementor-element elementor-element-f58172e elementor-widget elementor-widget-text-editor\" data-id=\"f58172e\" data-element_type=\"widget\" data-widget_type=\"text-editor.default\">\n\t\t\t\t<div class=\"elementor-widget-container\">\n\t\t\t\t\t\t\t\t\t<h3 class=\"cl-orange\"><b>Et l\u2019entrainement aux QCM, et les annales ?<\/b><\/h3>\n<span style=\"font-weight: 400;\">Oui, le Cours Acc\u00e8s entraine aux QCM, chaque semaine, sur 2 \u00e0 3 mati\u00e8res, en conditions strictement identique au concours. Ces QCM sont justement corrig\u00e9s par nos moniteurs, encadr\u00e9s par nos enseignants. Ces moniteurs ont ici une vraie valeur ajout\u00e9e, eux ont su r\u00e9pondre aux d\u00e9fis de ces \u00e9preuves avec brio, et sauront partager leur exp\u00e9rience technique aupr\u00e8s de nos futurs \u00e9tudiants re\u00e7us !<\/span>\n\n<span style=\"font-weight: 400;\">Les annales corrig\u00e9es, des sujets QCM d\u2019entrainement suppl\u00e9mentaires, c\u2019est la base de notre suivi annuel bien sur\u2026 Mais prudence, il est inutile de souhaiter s\u2019\u00e9valuer lorsque le cours n\u2019est pas parfaitement su, et cela demande du temps, beaucoup de temps ! Le travail personnel, c\u2019est la base de votre ann\u00e9e !<\/span>\t\t\t\t\t\t\t\t<\/div>\n\t\t\t\t<\/div>\n\t\t\t\t\t<\/div>\n\t\t<\/div>\n\t\t\t\t<div class=\"elementor-column elementor-col-50 elementor-inner-column elementor-element elementor-element-fa3692c\" data-id=\"fa3692c\" data-element_type=\"column\">\n\t\t\t<div class=\"elementor-widget-wrap\">\n\t\t\t\t\t\t\t<\/div>\n\t\t<\/div>\n\t\t\t\t\t<\/div>\n\t\t<\/section>\n\t\t\t\t\t<\/div>\n\t\t<\/div>\n\t\t\t\t\t<\/div>\n\t\t<\/section>\n\t\t\t\t<\/div>\n\t\t","protected":false},"excerpt":{"rendered":"<p>Pourquoi s\u2019inscrire dans une pr\u00e9pa ? Bien \u00e9videmment, nous accompagnons nos \u00e9tudiants de fa\u00e7on optimale pour l&rsquo;entra\u00eenement aux examens QCM et aux oraux maintenant que la r\u00e9forme l\u2019exige. Nous mettons [&hellip;]<\/p>\n","protected":false},"author":1,"featured_media":45,"parent":0,"menu_order":0,"comment_status":"closed","ping_status":"closed","template":"","meta":{"footnotes":""},"class_list":["post-71","page","type-page","status-publish","has-post-thumbnail","hentry"],"yoast_head":"<!-- This site is optimized with the Yoast SEO plugin v26.6 - https:\/\/yoast.com\/wordpress\/plugins\/seo\/ -->\n<title>FAQ - Cours Acc\u00e8s - La R\u00e9union<\/title>\n<meta name=\"robots\" content=\"index, follow, max-snippet:-1, max-image-preview:large, max-video-preview:-1\" \/>\n<link rel=\"canonical\" href=\"https:\/\/www.cours-acces.fr\/reunion\/faq\/\" \/>\n<meta property=\"og:locale\" content=\"fr_FR\" \/>\n<meta property=\"og:type\" content=\"article\" \/>\n<meta property=\"og:title\" content=\"FAQ - Cours Acc\u00e8s - La R\u00e9union\" \/>\n<meta property=\"og:description\" content=\"Pourquoi s\u2019inscrire dans une pr\u00e9pa ? Bien \u00e9videmment, nous accompagnons nos \u00e9tudiants de fa\u00e7on optimale pour l&rsquo;entra\u00eenement aux examens QCM et aux oraux maintenant que la r\u00e9forme l\u2019exige. Nous mettons [&hellip;]\" \/>\n<meta property=\"og:url\" content=\"https:\/\/www.cours-acces.fr\/reunion\/faq\/\" \/>\n<meta property=\"og:site_name\" content=\"Cours Acc\u00e8s - La R\u00e9union\" \/>\n<meta property=\"article:modified_time\" content=\"2023-12-13T17:34:33+00:00\" \/>\n<meta property=\"og:image\" content=\"https:\/\/www.cours-acces.fr\/reunion\/wp-content\/uploads\/sites\/3\/2023\/06\/optim_deuxetudiantesjpg_6023f890d8f22.jpg\" \/>\n\t<meta property=\"og:image:width\" content=\"1200\" \/>\n\t<meta property=\"og:image:height\" content=\"651\" \/>\n\t<meta property=\"og:image:type\" content=\"image\/jpeg\" \/>\n<meta name=\"twitter:card\" content=\"summary_large_image\" \/>\n<meta name=\"twitter:label1\" content=\"Dur\u00e9e de lecture estim\u00e9e\" \/>\n\t<meta name=\"twitter:data1\" content=\"5 minutes\" \/>\n<script type=\"application\/ld+json\" class=\"yoast-schema-graph\">{\"@context\":\"https:\/\/schema.org\",\"@graph\":[{\"@type\":\"WebPage\",\"@id\":\"https:\/\/www.cours-acces.fr\/reunion\/faq\/\",\"url\":\"https:\/\/www.cours-acces.fr\/reunion\/faq\/\",\"name\":\"FAQ - Cours Acc\u00e8s - La R\u00e9union\",\"isPartOf\":{\"@id\":\"https:\/\/www.cours-acces.fr\/reunion\/#website\"},\"primaryImageOfPage\":{\"@id\":\"https:\/\/www.cours-acces.fr\/reunion\/faq\/#primaryimage\"},\"image\":{\"@id\":\"https:\/\/www.cours-acces.fr\/reunion\/faq\/#primaryimage\"},\"thumbnailUrl\":\"https:\/\/www.cours-acces.fr\/reunion\/wp-content\/uploads\/sites\/3\/2023\/06\/optim_deuxetudiantesjpg_6023f890d8f22.jpg\",\"datePublished\":\"2023-06-08T13:54:19+00:00\",\"dateModified\":\"2023-12-13T17:34:33+00:00\",\"breadcrumb\":{\"@id\":\"https:\/\/www.cours-acces.fr\/reunion\/faq\/#breadcrumb\"},\"inLanguage\":\"fr-FR\",\"potentialAction\":[{\"@type\":\"ReadAction\",\"target\":[\"https:\/\/www.cours-acces.fr\/reunion\/faq\/\"]}]},{\"@type\":\"ImageObject\",\"inLanguage\":\"fr-FR\",\"@id\":\"https:\/\/www.cours-acces.fr\/reunion\/faq\/#primaryimage\",\"url\":\"https:\/\/www.cours-acces.fr\/reunion\/wp-content\/uploads\/sites\/3\/2023\/06\/optim_deuxetudiantesjpg_6023f890d8f22.jpg\",\"contentUrl\":\"https:\/\/www.cours-acces.fr\/reunion\/wp-content\/uploads\/sites\/3\/2023\/06\/optim_deuxetudiantesjpg_6023f890d8f22.jpg\",\"width\":1200,\"height\":651},{\"@type\":\"BreadcrumbList\",\"@id\":\"https:\/\/www.cours-acces.fr\/reunion\/faq\/#breadcrumb\",\"itemListElement\":[{\"@type\":\"ListItem\",\"position\":1,\"name\":\"Home\",\"item\":\"https:\/\/www.cours-acces.fr\/reunion\/\"},{\"@type\":\"ListItem\",\"position\":2,\"name\":\"FAQ\"}]},{\"@type\":\"WebSite\",\"@id\":\"https:\/\/www.cours-acces.fr\/reunion\/#website\",\"url\":\"https:\/\/www.cours-acces.fr\/reunion\/\",\"name\":\"Cours Acc\u00e8s - La R\u00e9union\",\"description\":\"La pr\u00e9paration aux concours sant\u00e9 de la R\u00e9union depuis 2004\",\"publisher\":{\"@id\":\"https:\/\/www.cours-acces.fr\/reunion\/#organization\"},\"potentialAction\":[{\"@type\":\"SearchAction\",\"target\":{\"@type\":\"EntryPoint\",\"urlTemplate\":\"https:\/\/www.cours-acces.fr\/reunion\/?s={search_term_string}\"},\"query-input\":{\"@type\":\"PropertyValueSpecification\",\"valueRequired\":true,\"valueName\":\"search_term_string\"}}],\"inLanguage\":\"fr-FR\"},{\"@type\":\"Organization\",\"@id\":\"https:\/\/www.cours-acces.fr\/reunion\/#organization\",\"name\":\"Cours Acc\u00e8s - La R\u00e9union\",\"url\":\"https:\/\/www.cours-acces.fr\/reunion\/\",\"logo\":{\"@type\":\"ImageObject\",\"inLanguage\":\"fr-FR\",\"@id\":\"https:\/\/www.cours-acces.fr\/reunion\/#\/schema\/logo\/image\/\",\"url\":\"https:\/\/www.cours-acces.fr\/reunion\/wp-content\/uploads\/sites\/3\/2023\/06\/LOGO-acces.png\",\"contentUrl\":\"https:\/\/www.cours-acces.fr\/reunion\/wp-content\/uploads\/sites\/3\/2023\/06\/LOGO-acces.png\",\"width\":1000,\"height\":442,\"caption\":\"Cours Acc\u00e8s - La R\u00e9union\"},\"image\":{\"@id\":\"https:\/\/www.cours-acces.fr\/reunion\/#\/schema\/logo\/image\/\"}}]}<\/script>\n<!-- \/ Yoast SEO plugin. -->","yoast_head_json":{"title":"FAQ - Cours Acc\u00e8s - La R\u00e9union","robots":{"index":"index","follow":"follow","max-snippet":"max-snippet:-1","max-image-preview":"max-image-preview:large","max-video-preview":"max-video-preview:-1"},"canonical":"https:\/\/www.cours-acces.fr\/reunion\/faq\/","og_locale":"fr_FR","og_type":"article","og_title":"FAQ - Cours Acc\u00e8s - La R\u00e9union","og_description":"Pourquoi s\u2019inscrire dans une pr\u00e9pa ? Bien \u00e9videmment, nous accompagnons nos \u00e9tudiants de fa\u00e7on optimale pour l&rsquo;entra\u00eenement aux examens QCM et aux oraux maintenant que la r\u00e9forme l\u2019exige. Nous mettons [&hellip;]","og_url":"https:\/\/www.cours-acces.fr\/reunion\/faq\/","og_site_name":"Cours Acc\u00e8s - La R\u00e9union","article_modified_time":"2023-12-13T17:34:33+00:00","og_image":[{"width":1200,"height":651,"url":"https:\/\/www.cours-acces.fr\/reunion\/wp-content\/uploads\/sites\/3\/2023\/06\/optim_deuxetudiantesjpg_6023f890d8f22.jpg","type":"image\/jpeg"}],"twitter_card":"summary_large_image","twitter_misc":{"Dur\u00e9e de lecture estim\u00e9e":"5 minutes"},"schema":{"@context":"https:\/\/schema.org","@graph":[{"@type":"WebPage","@id":"https:\/\/www.cours-acces.fr\/reunion\/faq\/","url":"https:\/\/www.cours-acces.fr\/reunion\/faq\/","name":"FAQ - Cours Acc\u00e8s - La R\u00e9union","isPartOf":{"@id":"https:\/\/www.cours-acces.fr\/reunion\/#website"},"primaryImageOfPage":{"@id":"https:\/\/www.cours-acces.fr\/reunion\/faq\/#primaryimage"},"image":{"@id":"https:\/\/www.cours-acces.fr\/reunion\/faq\/#primaryimage"},"thumbnailUrl":"https:\/\/www.cours-acces.fr\/reunion\/wp-content\/uploads\/sites\/3\/2023\/06\/optim_deuxetudiantesjpg_6023f890d8f22.jpg","datePublished":"2023-06-08T13:54:19+00:00","dateModified":"2023-12-13T17:34:33+00:00","breadcrumb":{"@id":"https:\/\/www.cours-acces.fr\/reunion\/faq\/#breadcrumb"},"inLanguage":"fr-FR","potentialAction":[{"@type":"ReadAction","target":["https:\/\/www.cours-acces.fr\/reunion\/faq\/"]}]},{"@type":"ImageObject","inLanguage":"fr-FR","@id":"https:\/\/www.cours-acces.fr\/reunion\/faq\/#primaryimage","url":"https:\/\/www.cours-acces.fr\/reunion\/wp-content\/uploads\/sites\/3\/2023\/06\/optim_deuxetudiantesjpg_6023f890d8f22.jpg","contentUrl":"https:\/\/www.cours-acces.fr\/reunion\/wp-content\/uploads\/sites\/3\/2023\/06\/optim_deuxetudiantesjpg_6023f890d8f22.jpg","width":1200,"height":651},{"@type":"BreadcrumbList","@id":"https:\/\/www.cours-acces.fr\/reunion\/faq\/#breadcrumb","itemListElement":[{"@type":"ListItem","position":1,"name":"Home","item":"https:\/\/www.cours-acces.fr\/reunion\/"},{"@type":"ListItem","position":2,"name":"FAQ"}]},{"@type":"WebSite","@id":"https:\/\/www.cours-acces.fr\/reunion\/#website","url":"https:\/\/www.cours-acces.fr\/reunion\/","name":"Cours Acc\u00e8s - La R\u00e9union","description":"La pr\u00e9paration aux concours sant\u00e9 de la R\u00e9union depuis 2004","publisher":{"@id":"https:\/\/www.cours-acces.fr\/reunion\/#organization"},"potentialAction":[{"@type":"SearchAction","target":{"@type":"EntryPoint","urlTemplate":"https:\/\/www.cours-acces.fr\/reunion\/?s={search_term_string}"},"query-input":{"@type":"PropertyValueSpecification","valueRequired":true,"valueName":"search_term_string"}}],"inLanguage":"fr-FR"},{"@type":"Organization","@id":"https:\/\/www.cours-acces.fr\/reunion\/#organization","name":"Cours Acc\u00e8s - La R\u00e9union","url":"https:\/\/www.cours-acces.fr\/reunion\/","logo":{"@type":"ImageObject","inLanguage":"fr-FR","@id":"https:\/\/www.cours-acces.fr\/reunion\/#\/schema\/logo\/image\/","url":"https:\/\/www.cours-acces.fr\/reunion\/wp-content\/uploads\/sites\/3\/2023\/06\/LOGO-acces.png","contentUrl":"https:\/\/www.cours-acces.fr\/reunion\/wp-content\/uploads\/sites\/3\/2023\/06\/LOGO-acces.png","width":1000,"height":442,"caption":"Cours Acc\u00e8s - La R\u00e9union"},"image":{"@id":"https:\/\/www.cours-acces.fr\/reunion\/#\/schema\/logo\/image\/"}}]}},"_links":{"self":[{"href":"https:\/\/www.cours-acces.fr\/reunion\/wp-json\/wp\/v2\/pages\/71","targetHints":{"allow":["GET"]}}],"collection":[{"href":"https:\/\/www.cours-acces.fr\/reunion\/wp-json\/wp\/v2\/pages"}],"about":[{"href":"https:\/\/www.cours-acces.fr\/reunion\/wp-json\/wp\/v2\/types\/page"}],"author":[{"embeddable":true,"href":"https:\/\/www.cours-acces.fr\/reunion\/wp-json\/wp\/v2\/users\/1"}],"replies":[{"embeddable":true,"href":"https:\/\/www.cours-acces.fr\/reunion\/wp-json\/wp\/v2\/comments?post=71"}],"version-history":[{"count":27,"href":"https:\/\/www.cours-acces.fr\/reunion\/wp-json\/wp\/v2\/pages\/71\/revisions"}],"predecessor-version":[{"id":1344,"href":"https:\/\/www.cours-acces.fr\/reunion\/wp-json\/wp\/v2\/pages\/71\/revisions\/1344"}],"wp:featuredmedia":[{"embeddable":true,"href":"https:\/\/www.cours-acces.fr\/reunion\/wp-json\/wp\/v2\/media\/45"}],"wp:attachment":[{"href":"https:\/\/www.cours-acces.fr\/reunion\/wp-json\/wp\/v2\/media?parent=71"}],"curies":[{"name":"wp","href":"https:\/\/api.w.org\/{rel}","templated":true}]}}